{"id":43135,"date":"2026-07-16T01:54:50","date_gmt":"2026-07-16T05:54:50","guid":{"rendered":"https:\/\/luminairesgregoire.com\/?post_type=product&#038;p=43135"},"modified":"2026-09-04T17:25:48","modified_gmt":"2026-09-04T21:25:48","slug":"murale-vanite-2-l-noir-bohin-464-2v-mb","status":"publish","type":"product","link":"https:\/\/luminairesgregoire.com\/en\/product\/murale-vanite-2-l-noir-bohin-464-2v-mb\/","title":{"rendered":"MURALE VANIT\u00c9 2-L NOIR- BOHIN 464-2V-MB"},"content":{"rendered":"<p class=\"isSelectedEnd\">Un design dynamique cr\u00e9e un \u00e9quilibre parfait entre les styles <strong>contemporain et transitionnel<\/strong> avec cette applique murale \u00e0 deux lumi\u00e8res au fini noir mat. Sa structure robuste en acier est adoucie par deux \u00e9l\u00e9gants abat-jour en forme de cloche en <strong>verre transparent bull\u00e9<\/strong>.<\/p>\n<p>Polyvalente et raffin\u00e9e, cette applique constitue un superbe \u00e9l\u00e9ment d\u00e9coratif tout en offrant une source d\u2019\u00e9clairage d\u2019appoint pratique et chaleureuse<\/p>\n","protected":false},"excerpt":{"rendered":"<p>Un design dynamique cr\u00e9e un \u00e9quilibre parfait entre les styles contemporain et transitionnel avec cette applique murale \u00e0 deux lumi\u00e8res au fini noir mat. Sa structure robuste en acier est adoucie par deux \u00e9l\u00e9gants abat-jour en forme de cloche en verre transparent bull\u00e9. Polyvalente et raffin\u00e9e, cette applique constitue un superbe \u00e9l\u00e9ment d\u00e9coratif tout en [&hellip;]<\/p>\n","protected":false},"featured_media":44289,"template":"","meta":{"_acf_changed":false},"product_brand":[6023],"product_cat":[5843,5848],"product_tag":[],"class_list":["post-43135","product","type-product","status-publish","has-post-thumbnail","product_brand-z-lite","product_cat-murale","product_cat-murales-salles-de-bains","pa_ampoules-incluses-non","pa_couleur-verre-clair-texture","pa_finis-noir","pa_formes-dampoules-a19","pa_garantie-1-an","pa_hauteur-8-5","pa_largeur-2429","pa_nombre-dampoules-6418","pa_types-dampoules-incandescente","pa_watts-100-w","first","instock","taxable","shipping-taxable","purchasable","product-type-simple"],"acf":[],"yoast_head":"<!-- This site is optimized with the Yoast SEO plugin v28.3 - https:\/\/yoast.com\/product\/yoast-seo-wordpress\/ -->\n<title>MURALE VANIT\u00c9 2-L NOIR- BOHIN 464-2V-MB - Luminaires Paul Gr\u00e9goire<\/title>\n<meta name=\"description\" content=\"MURALE VANIT\u00c9 2-L NOIR- BOHIN 464-2V-MB - Discover our collection of designer lighting \u2014 pendants, lamps, and ceiling lights \u2014 to brighten every space with style and elegance.\" \/>\n<meta name=\"robots\" content=\"index, follow, max-snippet:-1, max-image-preview:large, max-video-preview:-1\" \/>\n<link rel=\"canonical\" href=\"https:\/\/luminairesgregoire.com\/en\/product\/murale-vanite-2-l-noir-bohin-464-2v-mb\/\" \/>\n<meta property=\"og:locale\" content=\"en_US\" \/>\n<meta property=\"og:type\" content=\"article\" \/>\n<meta property=\"og:title\" content=\"MURALE VANIT\u00c9 2-L NOIR- BOHIN 464-2V-MB - Luminaires Paul Gr\u00e9goire\" \/>\n<meta property=\"og:description\" content=\"MURALE VANIT\u00c9 2-L NOIR- BOHIN 464-2V-MB - Discover our collection of designer lighting \u2014 pendants, lamps, and ceiling lights \u2014 to brighten every space with style and elegance.\" \/>\n<meta property=\"og:url\" content=\"https:\/\/luminairesgregoire.com\/en\/product\/murale-vanite-2-l-noir-bohin-464-2v-mb\/\" \/>\n<meta property=\"og:site_name\" content=\"Luminaires Paul Gr\u00e9goire\" \/>\n<meta property=\"article:modified_time\" content=\"2026-09-04T21:25:48+00:00\" \/>\n<meta property=\"og:image\" content=\"https:\/\/luminairesgregoire.com\/wp-content\/uploads\/2026\/09\/Votre-texte-de-paragraphe-2026-09-04T171756.396.webp\" \/>\n\t<meta property=\"og:image:width\" content=\"850\" \/>\n\t<meta property=\"og:image:height\" content=\"850\" \/>\n\t<meta property=\"og:image:type\" content=\"image\/jpeg\" \/>\n<meta name=\"twitter:card\" content=\"summary_large_image\" \/>\n<meta name=\"twitter:label1\" content=\"Est. reading time\" \/>\n\t<meta name=\"twitter:data1\" content=\"1 minute\" \/>\n<script type=\"application\/ld+json\" class=\"yoast-schema-graph\">{\"@context\":\"https:\\\/\\\/schema.org\",\"@graph\":[{\"@type\":\"WebPage\",\"@id\":\"https:\\\/\\\/luminairesgregoire.com\\\/en\\\/product\\\/murale-vanite-2-l-noir-bohin-464-2v-mb\\\/\",\"url\":\"https:\\\/\\\/luminairesgregoire.com\\\/en\\\/product\\\/murale-vanite-2-l-noir-bohin-464-2v-mb\\\/\",\"name\":\"MURALE VANIT\u00c9 2-L NOIR- BOHIN 464-2V-MB - Luminaires Paul Gr\u00e9goire\",\"isPartOf\":{\"@id\":\"https:\\\/\\\/luminairesgregoire.com\\\/en\\\/#website\"},\"primaryImageOfPage\":{\"@id\":\"https:\\\/\\\/luminairesgregoire.com\\\/en\\\/product\\\/murale-vanite-2-l-noir-bohin-464-2v-mb\\\/#primaryimage\"},\"image\":{\"@id\":\"https:\\\/\\\/luminairesgregoire.com\\\/en\\\/product\\\/murale-vanite-2-l-noir-bohin-464-2v-mb\\\/#primaryimage\"},\"thumbnailUrl\":\"https:\\\/\\\/luminairesgregoire.com\\\/wp-content\\\/uploads\\\/2026\\\/09\\\/Votre-texte-de-paragraphe-2026-09-04T171756.396.webp\",\"datePublished\":\"2026-07-16T05:54:50+00:00\",\"dateModified\":\"2026-09-04T21:25:48+00:00\",\"description\":\"MURALE VANIT\u00c9 2-L NOIR- BOHIN 464-2V-MB - Discover our collection of designer lighting \u2014 pendants, lamps, and ceiling lights \u2014 to brighten every space with style and elegance.\",\"breadcrumb\":{\"@id\":\"https:\\\/\\\/luminairesgregoire.com\\\/en\\\/product\\\/murale-vanite-2-l-noir-bohin-464-2v-mb\\\/#breadcrumb\"},\"inLanguage\":\"en-US\",\"potentialAction\":[{\"@type\":\"ReadAction\",\"target\":[\"https:\\\/\\\/luminairesgregoire.com\\\/en\\\/product\\\/murale-vanite-2-l-noir-bohin-464-2v-mb\\\/\"]}]},{\"@type\":\"ImageObject\",\"inLanguage\":\"en-US\",\"@id\":\"https:\\\/\\\/luminairesgregoire.com\\\/en\\\/product\\\/murale-vanite-2-l-noir-bohin-464-2v-mb\\\/#primaryimage\",\"url\":\"https:\\\/\\\/luminairesgregoire.com\\\/wp-content\\\/uploads\\\/2026\\\/09\\\/Votre-texte-de-paragraphe-2026-09-04T171756.396.webp\",\"contentUrl\":\"https:\\\/\\\/luminairesgregoire.com\\\/wp-content\\\/uploads\\\/2026\\\/09\\\/Votre-texte-de-paragraphe-2026-09-04T171756.396.webp\",\"width\":850,\"height\":850,\"caption\":\"MURALE VANIT\u00c9 2-L NOIR- BOHIN 464-2V-MB\"},{\"@type\":\"BreadcrumbList\",\"@id\":\"https:\\\/\\\/luminairesgregoire.com\\\/en\\\/product\\\/murale-vanite-2-l-noir-bohin-464-2v-mb\\\/#breadcrumb\",\"itemListElement\":[{\"@type\":\"ListItem\",\"position\":1,\"name\":\"Home\",\"item\":\"https:\\\/\\\/luminairesgregoire.com\\\/en\\\/\"},{\"@type\":\"ListItem\",\"position\":2,\"name\":\"Store\",\"item\":\"https:\\\/\\\/luminairesgregoire.com\\\/en\\\/products\\\/\"},{\"@type\":\"ListItem\",\"position\":3,\"name\":\"MURALE VANIT\u00c9 2-L NOIR- BOHIN 464-2V-MB\"}]},{\"@type\":\"WebSite\",\"@id\":\"https:\\\/\\\/luminairesgregoire.com\\\/en\\\/#website\",\"url\":\"https:\\\/\\\/luminairesgregoire.com\\\/en\\\/\",\"name\":\"Luminaires Paul Gr\u00e9goire\",\"description\":\"\",\"publisher\":{\"@id\":\"https:\\\/\\\/luminairesgregoire.com\\\/en\\\/#organization\"},\"potentialAction\":[{\"@type\":\"SearchAction\",\"target\":{\"@type\":\"EntryPoint\",\"urlTemplate\":\"https:\\\/\\\/luminairesgregoire.com\\\/en\\\/?s={search_term_string}\"},\"query-input\":{\"@type\":\"PropertyValueSpecification\",\"valueRequired\":true,\"valueName\":\"search_term_string\"}}],\"inLanguage\":\"en-US\"},{\"@type\":\"Organization\",\"@id\":\"https:\\\/\\\/luminairesgregoire.com\\\/en\\\/#organization\",\"name\":\"Luminaires Paul Gr\u00e9goire\",\"url\":\"https:\\\/\\\/luminairesgregoire.com\\\/en\\\/\",\"logo\":{\"@type\":\"ImageObject\",\"inLanguage\":\"en-US\",\"@id\":\"https:\\\/\\\/luminairesgregoire.com\\\/en\\\/#\\\/schema\\\/logo\\\/image\\\/\",\"url\":\"https:\\\/\\\/luminairesgregoire.com\\\/wp-content\\\/uploads\\\/2021\\\/05\\\/logo_CMYK-1-1.png\",\"contentUrl\":\"https:\\\/\\\/luminairesgregoire.com\\\/wp-content\\\/uploads\\\/2021\\\/05\\\/logo_CMYK-1-1.png\",\"width\":350,\"height\":164,\"caption\":\"Luminaires Paul Gr\u00e9goire\"},\"image\":{\"@id\":\"https:\\\/\\\/luminairesgregoire.com\\\/en\\\/#\\\/schema\\\/logo\\\/image\\\/\"}}]}<\/script>\n<!-- \/ Yoast SEO plugin. -->","yoast_head_json":{"title":"MURALE VANIT\u00c9 2-L NOIR- BOHIN 464-2V-MB - Luminaires Paul Gr\u00e9goire","description":"MURALE VANIT\u00c9 2-L NOIR- BOHIN 464-2V-MB - Discover our collection of designer lighting \u2014 pendants, lamps, and ceiling lights \u2014 to brighten every space with style and elegance.","robots":{"index":"index","follow":"follow","max-snippet":"max-snippet:-1","max-image-preview":"max-image-preview:large","max-video-preview":"max-video-preview:-1"},"canonical":"https:\/\/luminairesgregoire.com\/en\/product\/murale-vanite-2-l-noir-bohin-464-2v-mb\/","og_locale":"en_US","og_type":"article","og_title":"MURALE VANIT\u00c9 2-L NOIR- BOHIN 464-2V-MB - Luminaires Paul Gr\u00e9goire","og_description":"MURALE VANIT\u00c9 2-L NOIR- BOHIN 464-2V-MB - Discover our collection of designer lighting \u2014 pendants, lamps, and ceiling lights \u2014 to brighten every space with style and elegance.","og_url":"https:\/\/luminairesgregoire.com\/en\/product\/murale-vanite-2-l-noir-bohin-464-2v-mb\/","og_site_name":"Luminaires Paul Gr\u00e9goire","article_modified_time":"2026-09-04T21:25:48+00:00","og_image":[{"width":850,"height":850,"url":"https:\/\/luminairesgregoire.com\/wp-content\/uploads\/2026\/09\/Votre-texte-de-paragraphe-2026-09-04T171756.396.webp","type":"image\/jpeg"}],"twitter_card":"summary_large_image","twitter_misc":{"Est. reading time":"1 minute"},"schema":{"@context":"https:\/\/schema.org","@graph":[{"@type":"WebPage","@id":"https:\/\/luminairesgregoire.com\/en\/product\/murale-vanite-2-l-noir-bohin-464-2v-mb\/","url":"https:\/\/luminairesgregoire.com\/en\/product\/murale-vanite-2-l-noir-bohin-464-2v-mb\/","name":"MURALE VANIT\u00c9 2-L NOIR- BOHIN 464-2V-MB - Luminaires Paul Gr\u00e9goire","isPartOf":{"@id":"https:\/\/luminairesgregoire.com\/en\/#website"},"primaryImageOfPage":{"@id":"https:\/\/luminairesgregoire.com\/en\/product\/murale-vanite-2-l-noir-bohin-464-2v-mb\/#primaryimage"},"image":{"@id":"https:\/\/luminairesgregoire.com\/en\/product\/murale-vanite-2-l-noir-bohin-464-2v-mb\/#primaryimage"},"thumbnailUrl":"https:\/\/luminairesgregoire.com\/wp-content\/uploads\/2026\/09\/Votre-texte-de-paragraphe-2026-09-04T171756.396.webp","datePublished":"2026-07-16T05:54:50+00:00","dateModified":"2026-09-04T21:25:48+00:00","description":"MURALE VANIT\u00c9 2-L NOIR- BOHIN 464-2V-MB - Discover our collection of designer lighting \u2014 pendants, lamps, and ceiling lights \u2014 to brighten every space with style and elegance.","breadcrumb":{"@id":"https:\/\/luminairesgregoire.com\/en\/product\/murale-vanite-2-l-noir-bohin-464-2v-mb\/#breadcrumb"},"inLanguage":"en-US","potentialAction":[{"@type":"ReadAction","target":["https:\/\/luminairesgregoire.com\/en\/product\/murale-vanite-2-l-noir-bohin-464-2v-mb\/"]}]},{"@type":"ImageObject","inLanguage":"en-US","@id":"https:\/\/luminairesgregoire.com\/en\/product\/murale-vanite-2-l-noir-bohin-464-2v-mb\/#primaryimage","url":"https:\/\/luminairesgregoire.com\/wp-content\/uploads\/2026\/09\/Votre-texte-de-paragraphe-2026-09-04T171756.396.webp","contentUrl":"https:\/\/luminairesgregoire.com\/wp-content\/uploads\/2026\/09\/Votre-texte-de-paragraphe-2026-09-04T171756.396.webp","width":850,"height":850,"caption":"MURALE VANIT\u00c9 2-L NOIR- BOHIN 464-2V-MB"},{"@type":"BreadcrumbList","@id":"https:\/\/luminairesgregoire.com\/en\/product\/murale-vanite-2-l-noir-bohin-464-2v-mb\/#breadcrumb","itemListElement":[{"@type":"ListItem","position":1,"name":"Home","item":"https:\/\/luminairesgregoire.com\/en\/"},{"@type":"ListItem","position":2,"name":"Store","item":"https:\/\/luminairesgregoire.com\/en\/products\/"},{"@type":"ListItem","position":3,"name":"MURALE VANIT\u00c9 2-L NOIR- BOHIN 464-2V-MB"}]},{"@type":"WebSite","@id":"https:\/\/luminairesgregoire.com\/en\/#website","url":"https:\/\/luminairesgregoire.com\/en\/","name":"Luminaires Paul Gr\u00e9goire","description":"","publisher":{"@id":"https:\/\/luminairesgregoire.com\/en\/#organization"},"potentialAction":[{"@type":"SearchAction","target":{"@type":"EntryPoint","urlTemplate":"https:\/\/luminairesgregoire.com\/en\/?s={search_term_string}"},"query-input":{"@type":"PropertyValueSpecification","valueRequired":true,"valueName":"search_term_string"}}],"inLanguage":"en-US"},{"@type":"Organization","@id":"https:\/\/luminairesgregoire.com\/en\/#organization","name":"Luminaires Paul Gr\u00e9goire","url":"https:\/\/luminairesgregoire.com\/en\/","logo":{"@type":"ImageObject","inLanguage":"en-US","@id":"https:\/\/luminairesgregoire.com\/en\/#\/schema\/logo\/image\/","url":"https:\/\/luminairesgregoire.com\/wp-content\/uploads\/2021\/05\/logo_CMYK-1-1.png","contentUrl":"https:\/\/luminairesgregoire.com\/wp-content\/uploads\/2021\/05\/logo_CMYK-1-1.png","width":350,"height":164,"caption":"Luminaires Paul Gr\u00e9goire"},"image":{"@id":"https:\/\/luminairesgregoire.com\/en\/#\/schema\/logo\/image\/"}}]}},"_links":{"self":[{"href":"https:\/\/luminairesgregoire.com\/en\/wp-json\/wp\/v2\/product\/43135","targetHints":{"allow":["GET"]}}],"collection":[{"href":"https:\/\/luminairesgregoire.com\/en\/wp-json\/wp\/v2\/product"}],"about":[{"href":"https:\/\/luminairesgregoire.com\/en\/wp-json\/wp\/v2\/types\/product"}],"wp:featuredmedia":[{"embeddable":true,"href":"https:\/\/luminairesgregoire.com\/en\/wp-json\/wp\/v2\/media\/44289"}],"wp:attachment":[{"href":"https:\/\/luminairesgregoire.com\/en\/wp-json\/wp\/v2\/media?parent=43135"}],"wp:term":[{"taxonomy":"product_brand","embeddable":true,"href":"https:\/\/luminairesgregoire.com\/en\/wp-json\/wp\/v2\/product_brand?post=43135"},{"taxonomy":"product_cat","embeddable":true,"href":"https:\/\/luminairesgregoire.com\/en\/wp-json\/wp\/v2\/product_cat?post=43135"},{"taxonomy":"product_tag","embeddable":true,"href":"https:\/\/luminairesgregoire.com\/en\/wp-json\/wp\/v2\/product_tag?post=43135"}],"curies":[{"name":"wp","href":"https:\/\/api.w.org\/{rel}","templated":true}]}}